{"id":34475,"date":"2021-06-14T17:55:03","date_gmt":"2021-06-14T15:55:03","guid":{"rendered":"https:\/\/www.vallemaira.org\/verleih-von-e-mtbs\/"},"modified":"2025-07-04T08:49:55","modified_gmt":"2025-07-04T06:49:55","slug":"verleih-von-e-mtbs","status":"publish","type":"page","link":"https:\/\/www.vallemaira.org\/de\/verleih-von-e-mtbs\/","title":{"rendered":"Verleih von E-MTBs"},"content":{"rendered":"<p>Ein E-MTB ist auch f\u00fcr weniger Trainierte das perfekte Ger\u00e4t, um die unber\u00fchrten Ecken des Tals zu entdecken.<\/p>\n<p>Leihen Sie ein E-MTB bei uns aus und erkunden Sie die Maira Tal auf neue Art und Weise. So kommen Sie mit einer einzigartigen Natur in Kontakt und entdecken kleine Ortschaften voller Kunst und Kultur.<\/p>\n<p><strong>E-MTB-Mietpreis: 55\u20ac\/Tag<\/strong><\/p>\n<div><strong>Nur im Dronero-B\u00fcro<\/strong> ist es m\u00f6glich, 1 MTB Kindergr\u00f6\u00dfe (20&#8243; R\u00e4der) und 1 Kinderwagen zu mieten:<\/div>\n<div>MTB-Mietpreis f\u00fcr Kinder: 20\u20ac\/Tag<br \/>\nKinderwagen-Mietpreis: 20\u20ac\/Tag<\/div>\n<p><em>Sonderangeboten f\u00fcr Familien und gro\u00dfe Gruppen. Bitte kontaktieren Sie uns f\u00fcr weitere Details.<\/em><\/p>\n","protected":false},"excerpt":{"rendered":"<p>Ein E-MTB ist auch f\u00fcr weniger Trainierte das perfekte Ger\u00e4t, um die unber\u00fchrten Ecken des Tals zu entdecken. Leihen Sie&#8230;<\/p>\n","protected":false},"author":109,"featured_media":34476,"parent":0,"menu_order":0,"comment_status":"closed","ping_status":"closed","template":"","meta":{"footnotes":""},"class_list":["post-34475","page","type-page","status-publish","has-post-thumbnail","hentry"],"_links":{"self":[{"href":"https:\/\/www.vallemaira.org\/de\/wp-json\/wp\/v2\/pages\/34475","targetHints":{"allow":["GET"]}}],"collection":[{"href":"https:\/\/www.vallemaira.org\/de\/wp-json\/wp\/v2\/pages"}],"about":[{"href":"https:\/\/www.vallemaira.org\/de\/wp-json\/wp\/v2\/types\/page"}],"author":[{"embeddable":true,"href":"https:\/\/www.vallemaira.org\/de\/wp-json\/wp\/v2\/users\/109"}],"replies":[{"embeddable":true,"href":"https:\/\/www.vallemaira.org\/de\/wp-json\/wp\/v2\/comments?post=34475"}],"version-history":[{"count":5,"href":"https:\/\/www.vallemaira.org\/de\/wp-json\/wp\/v2\/pages\/34475\/revisions"}],"predecessor-version":[{"id":53832,"href":"https:\/\/www.vallemaira.org\/de\/wp-json\/wp\/v2\/pages\/34475\/revisions\/53832"}],"wp:featuredmedia":[{"embeddable":true,"href":"https:\/\/www.vallemaira.org\/de\/wp-json\/wp\/v2\/media\/34476"}],"wp:attachment":[{"href":"https:\/\/www.vallemaira.org\/de\/wp-json\/wp\/v2\/media?parent=34475"}],"curies":[{"name":"wp","href":"https:\/\/api.w.org\/{rel}","templated":true}]}}